{"id":108164,"date":"2021-03-19T11:24:19","date_gmt":"2021-03-19T10:24:19","guid":{"rendered":"https:\/\/www.pellegattamobili.com\/chi-siamo\/"},"modified":"2026-08-03T15:39:52","modified_gmt":"2026-08-03T13:39:52","slug":"ueber-uns","status":"publish","type":"page","link":"https:\/\/www.pellegattamobili.com\/de\/ueber-uns\/","title":{"rendered":"\u00dcber uns"},"content":{"rendered":"<div class=\"wpb-content-wrapper\"><p>[vc_row row_height_percent=&#8220;0&#8243; override_padding=&#8220;yes&#8220; h_padding=&#8220;2&#8243; top_padding=&#8220;2&#8243; bottom_padding=&#8220;2&#8243; back_color=&#8220;color-xsdn&#8220; overlay_alpha=&#8220;50&#8243; gutter_size=&#8220;4&#8243; column_width_percent=&#8220;100&#8243; shift_y=&#8220;0&#8243; z_index=&#8220;0&#8243; content_parallax=&#8220;0&#8243; uncode_shortcode_id=&#8220;121413&#8243; back_color_type=&#8220;uncode-palette&#8220; el_id=&#8220;storia&#8220;][vc_column column_width_percent=&#8220;100&#8243; gutter_size=&#8220;1&#8243; overlay_alpha=&#8220;50&#8243; shift_x=&#8220;0&#8243; shift_y=&#8220;0&#8243; shift_y_down=&#8220;0&#8243; z_index=&#8220;0&#8243; medium_visibility=&#8220;yes&#8220; medium_width=&#8220;0&#8243; mobile_visibility=&#8220;yes&#8220; mobile_width=&#8220;0&#8243; width=&#8220;1\/1&#8243; uncode_shortcode_id=&#8220;147936&#8243;][vc_custom_heading text_color=&#8220;accent&#8220; heading_semantic=&#8220;h5&#8243; text_font=&#8220;font-613363&#8243; text_size=&#8220;fontsize-160000&#8243; text_transform=&#8220;uppercase&#8220; text_space=&#8220;fontspace-135905&#8243; uncode_shortcode_id=&#8220;125741&#8243; text_color_type=&#8220;uncode-palette&#8220;]Pellegatta gestern, heute und morgen\u2026[\/vc_custom_heading][vc_custom_heading heading_semantic=&#8220;h1&#8243; text_font=&#8220;font-175345&#8243; text_size=&#8220;h1&#8243; text_weight=&#8220;400&#8243; text_height=&#8220;fontheight-357766&#8243; sub_lead=&#8220;yes&#8220; sub_reduced=&#8220;yes&#8220; uncode_shortcode_id=&#8220;147366&#8243;]Unsere Geschichte[\/vc_custom_heading][vc_column_text uncode_shortcode_id=&#8220;183504&#8243;]Ein Jahr nach der Ausrufung des K\u00f6nigreichs Italien wurde Pellegatta im Jahr 1862 gegr\u00fcndet. Das Unternehmen fertigte ma\u00dfgeschneiderte M\u00f6bel f\u00fcr den Mail\u00e4nder Adel, der die Sommermonate am Comer See verbrachte. Schon bald machten die Qualit\u00e4t und Sch\u00f6nheit seiner Kreationen den Namen \u201eFratelli Pellegatta\u201c weit \u00fcber die Region hinaus bekannt. Jahr f\u00fcr Jahr erweiterte die Handwerkswerkstatt ihren Kundenkreis und lieferte ihre M\u00f6bel in zahlreiche St\u00e4dte \u2013 von Mailand und Turin bis in die Schweiz und an die franz\u00f6sische C\u00f4te d\u2019Azur.[\/vc_column_text][\/vc_column][\/vc_row][vc_row row_height_percent=&#8220;0&#8243; overlay_alpha=&#8220;50&#8243; gutter_size=&#8220;3&#8243; column_width_percent=&#8220;100&#8243; shift_y=&#8220;0&#8243; z_index=&#8220;0&#8243; content_parallax=&#8220;0&#8243; uncode_shortcode_id=&#8220;144655&#8243;][vc_column column_width_percent=&#8220;100&#8243; gutter_size=&#8220;3&#8243; overlay_alpha=&#8220;50&#8243; shift_x=&#8220;0&#8243; shift_y=&#8220;0&#8243; shift_y_down=&#8220;0&#8243; z_index=&#8220;0&#8243; medium_width=&#8220;0&#8243; mobile_width=&#8220;0&#8243; css_animation=&#8220;alpha-anim&#8220; width=&#8220;1\/6&#8243; uncode_shortcode_id=&#8220;158048&#8243;][vc_single_image media=&#8220;111944&#8243; media_width_percent=&#8220;100&#8243; media_ratio=&#8220;four-five&#8220; uncode_shortcode_id=&#8220;130073&#8243;][vc_custom_heading heading_semantic=&#8220;h3&#8243; text_font=&#8220;font-175345&#8243; text_size=&#8220;h4&#8243; text_weight=&#8220;400&#8243; text_height=&#8220;fontheight-357766&#8243; uncode_shortcode_id=&#8220;171258&#8243;]1862[\/vc_custom_heading][vc_column_text text_lead=&#8220;small&#8220; uncode_shortcode_id=&#8220;201138&#8243; css=&#8220;.vc_custom_1779446627934{margin-top: 0px !important;}&#8220;]Ein Jahr nach der Ausrufung des K\u00f6nigreichs Italien wurde Pellegatta gegr\u00fcndet und fertigte ma\u00dfgeschneiderte M\u00f6bel f\u00fcr die Mail\u00e4nder Aristokratie, die den Sommer am Comer See verbrachte.[\/vc_column_text][\/vc_column][vc_column column_width_percent=&#8220;100&#8243; gutter_size=&#8220;3&#8243; overlay_alpha=&#8220;50&#8243; shift_x=&#8220;0&#8243; shift_y=&#8220;0&#8243; shift_y_down=&#8220;0&#8243; z_index=&#8220;0&#8243; medium_width=&#8220;0&#8243; mobile_width=&#8220;0&#8243; css_animation=&#8220;alpha-anim&#8220; animation_speed=&#8220;400&#8243; width=&#8220;1\/6&#8243; uncode_shortcode_id=&#8220;194732&#8243;][vc_single_image media=&#8220;111734&#8243; media_width_percent=&#8220;100&#8243; media_ratio=&#8220;four-five&#8220; uncode_shortcode_id=&#8220;168769&#8243;][vc_custom_heading heading_semantic=&#8220;h3&#8243; text_font=&#8220;font-175345&#8243; text_size=&#8220;h4&#8243; text_weight=&#8220;400&#8243; text_height=&#8220;fontheight-357766&#8243; uncode_shortcode_id=&#8220;720924&#8243;]1963[\/vc_custom_heading][vc_column_text text_lead=&#8220;small&#8220; uncode_shortcode_id=&#8220;524527&#8243; css=&#8220;.vc_custom_1779446635216{margin-top: 0px !important;}&#8220;]In Mailand wird der Salone del Mobile gegr\u00fcndet. Pellegatta geh\u00f6rt zu den ersten teilnehmenden Unternehmen und tr\u00e4gt zur Entstehung einer internationalen B\u00fchne f\u00fcr die Spitzenleistungen des Made in Italy bei.[\/vc_column_text][\/vc_column][vc_column column_width_percent=&#8220;100&#8243; gutter_size=&#8220;3&#8243; overlay_alpha=&#8220;50&#8243; shift_x=&#8220;0&#8243; shift_y=&#8220;0&#8243; shift_y_down=&#8220;0&#8243; z_index=&#8220;0&#8243; medium_width=&#8220;0&#8243; mobile_width=&#8220;0&#8243; css_animation=&#8220;alpha-anim&#8220; animation_speed=&#8220;600&#8243; width=&#8220;1\/6&#8243; uncode_shortcode_id=&#8220;116859&#8243;][vc_single_image media=&#8220;111738&#8243; media_width_percent=&#8220;100&#8243; media_ratio=&#8220;four-five&#8220; uncode_shortcode_id=&#8220;668902&#8243;][vc_custom_heading heading_semantic=&#8220;h3&#8243; text_font=&#8220;font-175345&#8243; text_size=&#8220;h4&#8243; text_weight=&#8220;400&#8243; text_height=&#8220;fontheight-357766&#8243; uncode_shortcode_id=&#8220;194490&#8243;]1967[\/vc_custom_heading][vc_column_text text_lead=&#8220;small&#8220; uncode_shortcode_id=&#8220;181955&#8243; css=&#8220;.vc_custom_1779446643217{margin-top: 0px !important;}&#8220;]Aus einer kleinen Handwerkswerkstatt und einem Pionier f\u00fcr modulare und individuell gestaltbare M\u00f6bel entwickelt sich Pellegatta zu einem strukturierten Produktionsunternehmen. Das Logo \u201ePellegatta\u201c wird offiziell eingef\u00fchrt.[\/vc_column_text][\/vc_column][vc_column column_width_percent=&#8220;100&#8243; gutter_size=&#8220;3&#8243; overlay_alpha=&#8220;50&#8243; shift_x=&#8220;0&#8243; shift_y=&#8220;0&#8243; shift_y_down=&#8220;0&#8243; z_index=&#8220;0&#8243; medium_width=&#8220;0&#8243; mobile_width=&#8220;0&#8243; css_animation=&#8220;alpha-anim&#8220; animation_speed=&#8220;800&#8243; width=&#8220;1\/6&#8243; uncode_shortcode_id=&#8220;127697&#8243;][vc_single_image media=&#8220;111742&#8243; media_width_percent=&#8220;100&#8243; media_ratio=&#8220;four-five&#8220; uncode_shortcode_id=&#8220;129462&#8243;][vc_custom_heading heading_semantic=&#8220;h3&#8243; text_font=&#8220;font-175345&#8243; text_size=&#8220;h4&#8243; text_weight=&#8220;400&#8243; text_height=&#8220;fontheight-357766&#8243; uncode_shortcode_id=&#8220;236410&#8243;]1980[\/vc_custom_heading][vc_column_text text_lead=&#8220;small&#8220; uncode_shortcode_id=&#8220;131768&#8243; css=&#8220;.vc_custom_1770820788282{margin-top: 0px !important;}&#8220;]\u201ePerla\u201c entsteht, ein ikonisches Produkt des Unternehmens, das dank seiner Qualit\u00e4t und seines unverwechselbaren Designs bis heute im Katalog vertreten ist und als Symbol f\u00fcr Tradition und Innovation gilt.[\/vc_column_text][\/vc_column][vc_column column_width_percent=&#8220;100&#8243; gutter_size=&#8220;3&#8243; overlay_alpha=&#8220;50&#8243; shift_x=&#8220;0&#8243; shift_y=&#8220;0&#8243; shift_y_down=&#8220;0&#8243; z_index=&#8220;0&#8243; medium_width=&#8220;0&#8243; mobile_width=&#8220;0&#8243; css_animation=&#8220;alpha-anim&#8220; animation_speed=&#8220;1000&#8243; width=&#8220;1\/6&#8243; uncode_shortcode_id=&#8220;148639&#8243;][vc_single_image media=&#8220;111746&#8243; media_width_percent=&#8220;100&#8243; media_ratio=&#8220;four-five&#8220; uncode_shortcode_id=&#8220;173505&#8243;][vc_custom_heading heading_semantic=&#8220;h3&#8243; text_font=&#8220;font-175345&#8243; text_size=&#8220;h4&#8243; text_weight=&#8220;400&#8243; text_height=&#8220;fontheight-357766&#8243; uncode_shortcode_id=&#8220;223469&#8243;]2004[\/vc_custom_heading][vc_column_text text_lead=&#8220;small&#8220; uncode_shortcode_id=&#8220;660781&#8243; css=&#8220;.vc_custom_1779446677431{margin-top: 0px !important;}&#8220;]Das Unternehmen expandiert international, und die M\u00f6bel von Pellegatta werden weltweit gesch\u00e4tzt und nachgefragt.[\/vc_column_text][\/vc_column][vc_column column_width_percent=&#8220;100&#8243; gutter_size=&#8220;3&#8243; overlay_alpha=&#8220;50&#8243; shift_x=&#8220;0&#8243; shift_y=&#8220;0&#8243; shift_y_down=&#8220;0&#8243; z_index=&#8220;0&#8243; medium_width=&#8220;0&#8243; mobile_width=&#8220;0&#8243; css_animation=&#8220;alpha-anim&#8220; animation_speed=&#8220;1200&#8243; width=&#8220;1\/6&#8243; uncode_shortcode_id=&#8220;147052&#8243;][vc_single_image media=&#8220;111750&#8243; media_width_percent=&#8220;100&#8243; media_ratio=&#8220;four-five&#8220; uncode_shortcode_id=&#8220;184324&#8243;][vc_custom_heading heading_semantic=&#8220;h3&#8243; text_font=&#8220;font-175345&#8243; text_size=&#8220;h4&#8243; text_weight=&#8220;400&#8243; text_height=&#8220;fontheight-357766&#8243; uncode_shortcode_id=&#8220;213662&#8243;]2019[\/vc_custom_heading][vc_column_text text_lead=&#8220;small&#8220; uncode_shortcode_id=&#8220;760450&#8243; css=&#8220;.vc_custom_1779446684134{margin-top: 0px !important;}&#8220;]Er\u00f6ffnung des neuen Unternehmenssitzes mit Showroom und Clubhaus f\u00fcr Kunden, nur wenige Kilometer von Mailand und Como entfernt.[\/vc_column_text][\/vc_column][\/vc_row][vc_row row_height_percent=&#8220;0&#8243; override_padding=&#8220;yes&#8220; h_padding=&#8220;2&#8243; top_padding=&#8220;4&#8243; bottom_padding=&#8220;4&#8243; back_color=&#8220;color-lxmt&#8220; overlay_alpha=&#8220;50&#8243; gutter_size=&#8220;3&#8243; column_width_percent=&#8220;100&#8243; shift_y=&#8220;0&#8243; z_index=&#8220;0&#8243; content_parallax=&#8220;0&#8243; uncode_shortcode_id=&#8220;134251&#8243; back_color_type=&#8220;uncode-palette&#8220; el_id=&#8220;stile&#8220;][vc_column column_width_percent=&#8220;100&#8243; gutter_size=&#8220;1&#8243; overlay_alpha=&#8220;50&#8243; shift_x=&#8220;0&#8243; shift_y=&#8220;0&#8243; shift_y_down=&#8220;0&#8243; z_index=&#8220;0&#8243; medium_width=&#8220;0&#8243; mobile_width=&#8220;0&#8243; width=&#8220;2\/3&#8243; uncode_shortcode_id=&#8220;205616&#8243;][vc_custom_heading text_color=&#8220;accent&#8220; heading_semantic=&#8220;h5&#8243; text_font=&#8220;font-613363&#8243; text_size=&#8220;fontsize-160000&#8243; text_transform=&#8220;uppercase&#8220; text_space=&#8220;fontspace-135905&#8243; uncode_shortcode_id=&#8220;926790&#8243; text_color_type=&#8220;uncode-palette&#8220;]Kann man von einem \u201ePellegatta-Stil\u201c sprechen?[\/vc_custom_heading][vc_custom_heading heading_semantic=&#8220;h1&#8243; text_font=&#8220;font-175345&#8243; text_size=&#8220;h1&#8243; text_weight=&#8220;400&#8243; text_height=&#8220;fontheight-357766&#8243; sub_lead=&#8220;yes&#8220; sub_reduced=&#8220;yes&#8220; uncode_shortcode_id=&#8220;168009&#8243;]Der Pellegatta-Stil[\/vc_custom_heading][vc_column_text uncode_shortcode_id=&#8220;203468&#8243; css=&#8220;.vc_custom_1779446796032{margin-top: 20px !important;}&#8220;]Seit unserer Gr\u00fcndung, die auf die Entstehungszeit des K\u00f6nigreichs Italien zur\u00fcckgeht, \u00fcbertragen wir den klassischen Stil durch Qualit\u00e4t, Sch\u00f6nheit und erlesenste Materialien in die Gegenwart \u2013 Werte, die seit jeher unsere Identit\u00e4t pr\u00e4gen.<\/p>\n<p>Keine Kompromisse. Unsere Leidenschaft wurde von Generation zu Generation weitergegeben und erm\u00f6glicht es uns heute, kompromisslose Qualit\u00e4t und \u00e4u\u00dferst zuverl\u00e4ssige Dienstleistungen anzubieten \u2013 von der Planung bis zur Montage.<\/p>\n<p>Die Gestaltung au\u00dfergew\u00f6hnlicher Einrichtungen erfordert Erfahrung, Fachkompetenz und Technologie, aber auch Liebe zu unserem Handwerk, unserer Kultur und unseren Traditionen. Genau das macht Pellegatta so einzigartig.<\/p>\n<p>Wir sind seit jeher der ideale Partner f\u00fcr alle, die dauerhafte Qualit\u00e4t suchen \u2013 von anspruchsvollen und komplexen Objekten bis hin zu eleganten privaten Wohnr\u00e4umen.<\/p>\n<p>Nicht nur Schlafzimmer und Kinderzimmer f\u00fcr das Zuhause<\/p>\n<p>Im Laufe der Jahre sind wir auch zu einem verl\u00e4sslichen Ansprechpartner f\u00fcr Hotels und Grandhotels, Theater, Museen, Bibliotheken und historische Innenr\u00e4ume geworden. Dabei bieten wir Fachkompetenz, zuverl\u00e4ssige L\u00f6sungen und kompromisslose Qualit\u00e4t.<\/p>\n<p>Ob Restaurierung, Austausch, Reparatur oder die Gestaltung vollst\u00e4ndig neuer Einrichtungen: Wir stellen uns jeder Herausforderung mit unserer gr\u00f6\u00dften St\u00e4rke \u2013 der handwerklichen Kunst unserer Meister, einer Tradition, die auf mehr als eineinhalb Jahrhunderten Geschichte beruht.[\/vc_column_text][\/vc_column][vc_column width=&#8220;1\/3&#8243;][vc_single_image media=&#8220;111768&#8243; media_width_percent=&#8220;100&#8243; uncode_shortcode_id=&#8220;954809&#8243;][vc_single_image media=&#8220;111764&#8243; media_width_percent=&#8220;100&#8243; uncode_shortcode_id=&#8220;170877&#8243;][\/vc_column][\/vc_row][vc_row row_height_percent=&#8220;0&#8243; override_padding=&#8220;yes&#8220; h_padding=&#8220;2&#8243; top_padding=&#8220;3&#8243; bottom_padding=&#8220;3&#8243; overlay_alpha=&#8220;50&#8243; equal_height=&#8220;yes&#8220; gutter_size=&#8220;4&#8243; column_width_percent=&#8220;100&#8243; shift_y=&#8220;0&#8243; z_index=&#8220;0&#8243; content_parallax=&#8220;0&#8243; uncode_shortcode_id=&#8220;172981&#8243; el_id=&#8220;perche&#8220;][vc_column column_width_percent=&#8220;100&#8243; gutter_size=&#8220;1&#8243; overlay_alpha=&#8220;50&#8243; border_color=&#8220;accent&#8220; border_style=&#8220;solid&#8220; shift_x=&#8220;0&#8243; shift_y=&#8220;0&#8243; shift_y_down=&#8220;0&#8243; z_index=&#8220;0&#8243; medium_visibility=&#8220;yes&#8220; medium_width=&#8220;0&#8243; mobile_visibility=&#8220;yes&#8220; mobile_width=&#8220;0&#8243; width=&#8220;1\/2&#8243; uncode_shortcode_id=&#8220;656792&#8243; css=&#8220;.vc_custom_1771383726950{border-left-width: 1px !important;padding-top: 20px !important;padding-right: 20px !important;padding-bottom: 20px !important;padding-left: 20px !important;}&#8220; border_color_type=&#8220;uncode-palette&#8220;][vc_custom_heading heading_semantic=&#8220;h3&#8243; text_font=&#8220;font-175345&#8243; text_size=&#8220;h3&#8243; text_weight=&#8220;400&#8243; text_height=&#8220;fontheight-357766&#8243; sub_lead=&#8220;small&#8220; sub_reduced=&#8220;yes&#8220; uncode_shortcode_id=&#8220;592707&#8243;]Warum Pellegatta?[\/vc_custom_heading][vc_column_text uncode_shortcode_id=&#8220;387532&#8243; css=&#8220;.vc_custom_1779446868640{margin-top: 20px !important;margin-bottom: 20px !important;}&#8220;]Jedes unserer M\u00f6belst\u00fccke wird von erfahrenen Handwerksmeistern von Hand gefertigt, die jedem einzelnen St\u00fcck seinen unverwechselbaren Charakter verleihen. Der hohe Anteil an Handarbeit macht jedes M\u00f6belst\u00fcck zu einem einzigartigen Werk, das sich von allen anderen unterscheidet \u2013 geschaffen, um \u00fcber Generationen hinweg \u00e4sthetische und funktionale Freude zu bereiten.<\/p>\n<p>Drechseln, Schnitzen, Schleifen, Dekorieren, Antikisieren und Montieren sind nur einige der Arbeitsschritte, die bei der Herstellung eines Pellegatta-M\u00f6belst\u00fccks zum Einsatz kommen.[\/vc_column_text][vc_single_image media=&#8220;111773&#8243; media_width_percent=&#8220;100&#8243; uncode_shortcode_id=&#8220;177843&#8243;][\/vc_column][vc_column column_width_percent=&#8220;100&#8243; gutter_size=&#8220;1&#8243; overlay_alpha=&#8220;50&#8243; border_color=&#8220;accent&#8220; border_style=&#8220;solid&#8220; shift_x=&#8220;0&#8243; shift_y=&#8220;0&#8243; shift_y_down=&#8220;0&#8243; z_index=&#8220;0&#8243; medium_width=&#8220;0&#8243; mobile_width=&#8220;0&#8243; width=&#8220;1\/2&#8243; uncode_shortcode_id=&#8220;584058&#8243; css=&#8220;.vc_custom_1771383758725{border-left-width: 1px !important;padding-left: 20px !important;}&#8220; border_color_type=&#8220;uncode-palette&#8220;][vc_single_image media=&#8220;111777&#8243; media_width_percent=&#8220;100&#8243; uncode_shortcode_id=&#8220;756775&#8243;][vc_empty_space empty_h=&#8220;1&#8243;][vc_custom_heading heading_semantic=&#8220;h3&#8243; text_font=&#8220;font-175345&#8243; text_size=&#8220;h3&#8243; text_weight=&#8220;400&#8243; text_height=&#8220;fontheight-357766&#8243; sub_lead=&#8220;small&#8220; sub_reduced=&#8220;yes&#8220; uncode_shortcode_id=&#8220;663490&#8243;]Ein Schlafzimmer, das wirklich f\u00fcr Sie entworfen wurde[\/vc_custom_heading][vc_column_text uncode_shortcode_id=&#8220;435829&#8243; css=&#8220;.vc_custom_1779446886244{margin-top: 20px !important;}&#8220;]Ein Schlafzimmer auszuw\u00e4hlen bedeutet, nach einem Traum zu suchen \u2013 nach einem besonderen Ort voller positiver Emotionen, wertvoller Erinnerungen und romantischer Atmosph\u00e4re. Auch ein Kinderzimmer ist ein Ort zum Wachsen, an dem Kreativit\u00e4t und Pers\u00f6nlichkeit zum Ausdruck kommen k\u00f6nnen, umgeben von den Menschen, die man liebt.<\/p>\n<p>Unsere Handwerksmeister k\u00f6nnen einen Schlafbereich in ein traumhaftes Erlebnis verwandeln: eine einzigartige Umgebung, in der Emotionen, W\u00fcnsche und Sch\u00f6nheit zusammenfinden.[\/vc_column_text][\/vc_column][\/vc_row][vc_row row_height_percent=&#8220;0&#8243; override_padding=&#8220;yes&#8220; h_padding=&#8220;2&#8243; top_padding=&#8220;3&#8243; bottom_padding=&#8220;3&#8243; overlay_alpha=&#8220;50&#8243; equal_height=&#8220;yes&#8220; gutter_size=&#8220;4&#8243; column_width_percent=&#8220;100&#8243; shift_y=&#8220;0&#8243; z_index=&#8220;0&#8243; content_parallax=&#8220;0&#8243; uncode_shortcode_id=&#8220;441276&#8243; el_id=&#8220;materiali&#8220;][vc_column column_width_percent=&#8220;100&#8243; gutter_size=&#8220;1&#8243; overlay_alpha=&#8220;50&#8243; shift_x=&#8220;0&#8243; shift_y=&#8220;0&#8243; shift_y_down=&#8220;0&#8243; z_index=&#8220;0&#8243; medium_visibility=&#8220;yes&#8220; medium_width=&#8220;0&#8243; mobile_visibility=&#8220;yes&#8220; mobile_width=&#8220;0&#8243; width=&#8220;2\/3&#8243; uncode_shortcode_id=&#8220;138676&#8243;][vc_custom_heading text_color=&#8220;accent&#8220; heading_semantic=&#8220;h5&#8243; text_font=&#8220;font-613363&#8243; text_size=&#8220;fontsize-160000&#8243; text_transform=&#8220;uppercase&#8220; text_space=&#8220;fontspace-135905&#8243; uncode_shortcode_id=&#8220;137346&#8243; text_color_type=&#8220;uncode-palette&#8220;]Traditionelle Handwerkskunst und zertifizierte umweltfreundliche Materialien[\/vc_custom_heading][vc_custom_heading text_font=&#8220;font-175345&#8243; text_size=&#8220;fontsize-155944&#8243; text_weight=&#8220;400&#8243; text_height=&#8220;fontheight-357766&#8243; sub_lead=&#8220;small&#8220; sub_reduced=&#8220;yes&#8220; uncode_shortcode_id=&#8220;595372&#8243;]Materialien[\/vc_custom_heading][vc_column_text uncode_shortcode_id=&#8220;107141&#8243;]Unsere Verbundenheit mit der handwerklichen Tradition hindert uns nicht daran, Innovationen einzusetzen, wenn diese Funktionalit\u00e4t und Qualit\u00e4t verbessern.<\/p>\n<p>Die Produkte, die zum Lackieren und Dekorieren unserer M\u00f6bel verwendet werden, sind frei von Schwermetallen und werden strengen Pr\u00fcfungen unterzogen, um ein gesundes und sicheres Wohnumfeld zu gew\u00e4hrleisten. Die europ\u00e4ischen Vorschriften \u2013 die zu den fortschrittlichsten der Welt geh\u00f6ren \u2013 bestimmen alle unsere Entscheidungen in Bezug auf Beschaffung und Sicherheit.<\/p>\n<p>Pellegatta Mobili engagiert sich seit Jahren f\u00fcr den Umweltschutz, sowohl durch den Einsatz weniger belastender Produktionssysteme und -techniken als auch durch die Sensibilisierung von Lieferanten und Partnern.<\/p>\n<p>Das von uns verwendete Holz stammt aus zertifizierten W\u00e4ldern, deren Wiederaufforstung streng kontrolliert wird. Aus diesem Grund w\u00e4hlen wir ausschlie\u00dflich FSC-zertifizierte Lieferanten.<\/p>\n<p>M\u00f6bel, die f\u00fcr eine lange Lebensdauer entwickelt wurden, sind eine der authentischsten Formen des respektvollen Umgangs mit nat\u00fcrlichen Ressourcen, die zunehmend durch eine Kultur des Wegwerfkonsums und der kurzlebigen Produktion bedroht werden.[\/vc_column_text][\/vc_column][vc_column width=&#8220;1\/6&#8243;][vc_single_image media=&#8220;111785&#8243; media_width_percent=&#8220;100&#8243; uncode_shortcode_id=&#8220;177843&#8243;][\/vc_column][vc_column width=&#8220;1\/6&#8243;][vc_single_image media=&#8220;111781&#8243; media_width_percent=&#8220;100&#8243; alignment=&#8220;center&#8220; uncode_shortcode_id=&#8220;813377&#8243;][\/vc_column][\/vc_row]<\/p>\n<\/div>","protected":false},"excerpt":{"rendered":"<p>[vc_row row_height_percent=&#8220;0&#8243; override_padding=&#8220;yes&#8220; h_padding=&#8220;2&#8243; top_padding=&#8220;2&#8243; bottom_padding=&#8220;2&#8243; back_color=&#8220;color-xsdn&#8220; overlay_alpha=&#8220;50&#8243; gutter_size=&#8220;4&#8243; column_width_percent=&#8220;100&#8243; shift_y=&#8220;0&#8243; z_index=&#8220;0&#8243; content_parallax=&#8220;0&#8243; uncode_shortcode_id=&#8220;121413&#8243; back_color_type=&#8220;uncode-palette&#8220; el_id=&#8220;storia&#8220;][vc_column column_width_percent=&#8220;100&#8243; gutter_size=&#8220;1&#8243; overlay_alpha=&#8220;50&#8243; shift_x=&#8220;0&#8243; [&hellip;]<\/p>\n","protected":false},"author":4,"featured_media":0,"parent":0,"menu_order":0,"comment_status":"closed","ping_status":"closed","template":"","meta":{"footnotes":""},"class_list":["post-108164","page","type-page","status-publish","hentry"],"_links":{"self":[{"href":"https:\/\/www.pellegattamobili.com\/de\/wp-json\/wp\/v2\/pages\/108164","targetHints":{"allow":["GET"]}}],"collection":[{"href":"https:\/\/www.pellegattamobili.com\/de\/wp-json\/wp\/v2\/pages"}],"about":[{"href":"https:\/\/www.pellegattamobili.com\/de\/wp-json\/wp\/v2\/types\/page"}],"author":[{"embeddable":true,"href":"https:\/\/www.pellegattamobili.com\/de\/wp-json\/wp\/v2\/users\/4"}],"replies":[{"embeddable":true,"href":"https:\/\/www.pellegattamobili.com\/de\/wp-json\/wp\/v2\/comments?post=108164"}],"version-history":[{"count":7,"href":"https:\/\/www.pellegattamobili.com\/de\/wp-json\/wp\/v2\/pages\/108164\/revisions"}],"predecessor-version":[{"id":112578,"href":"https:\/\/www.pellegattamobili.com\/de\/wp-json\/wp\/v2\/pages\/108164\/revisions\/112578"}],"wp:attachment":[{"href":"https:\/\/www.pellegattamobili.com\/de\/wp-json\/wp\/v2\/media?parent=108164"}],"curies":[{"name":"wp","href":"https:\/\/api.w.org\/{rel}","templated":true}]}}